{"id":1011,"date":"2019-08-30T07:14:20","date_gmt":"2019-08-30T07:14:20","guid":{"rendered":"https:\/\/ostenssons.com\/?page_id=1011"},"modified":"2019-11-26T11:49:32","modified_gmt":"2019-11-26T11:49:32","slug":"termsconditions","status":"publish","type":"page","link":"https:\/\/ostenssons.com\/sv\/termsconditions\/","title":{"rendered":"Terms &#038; conditions"},"content":{"rendered":"<div data-elementor-type=\"wp-post\" data-elementor-id=\"1011\" class=\"elementor elementor-1011\" data-elementor-post-type=\"page\">\n\t\t\t\t\t\t<section class=\"has_eae_slider elementor-section elementor-top-section elementor-element elementor-element-8953a6d elementor-section-height-min-height elementor-section-items-bottom elementor-section-boxed elementor-section-height-default\" data-id=\"8953a6d\" data-element_type=\"section\" data-settings=\"{&quot;background_background&quot;:&quot;classic&quot;}\">\n\t\t\t\t\t\t\t<div class=\"elementor-background-overlay\"><\/div>\n\t\t\t\t\t\t\t<div class=\"elementor-container elementor-column-gap-default\">\n\t\t\t\t\t<div class=\"has_eae_slider elementor-column elementor-col-100 elementor-top-column elementor-element elementor-element-3de023c\" data-id=\"3de023c\" data-element_type=\"column\">\n\t\t\t<div class=\"elementor-widget-wrap elementor-element-populated\">\n\t\t\t\t\t\t<div class=\"elementor-element elementor-element-6c21a1b elementor-invisible elementor-widget elementor-widget-heading\" data-id=\"6c21a1b\" data-element_type=\"widget\" data-settings=\"{&quot;_animation&quot;:&quot;fadeIn&quot;,&quot;_animation_delay&quot;:200}\" data-widget_type=\"heading.default\">\n\t\t\t\t<div class=\"elementor-widget-container\">\n\t\t\t\t\t<h2 class=\"elementor-heading-title elementor-size-default\">Allm\u00e4nna villkor<\/h2>\t\t\t\t<\/div>\n\t\t\t\t<\/div>\n\t\t\t\t<section class=\"has_eae_slider elementor-section elementor-inner-section elementor-element elementor-element-c95e548 elementor-section-full_width elementor-section-height-default elementor-section-height-default\" data-id=\"c95e548\" data-element_type=\"section\">\n\t\t\t\t\t\t<div class=\"elementor-container elementor-column-gap-default\">\n\t\t\t\t\t<div class=\"has_eae_slider elementor-column elementor-col-50 elementor-inner-column elementor-element elementor-element-d3b2276\" data-id=\"d3b2276\" data-element_type=\"column\">\n\t\t\t<div class=\"elementor-widget-wrap elementor-element-populated\">\n\t\t\t\t\t\t<div class=\"elementor-element elementor-element-17112eb elementor-invisible elementor-widget elementor-widget-heading\" data-id=\"17112eb\" data-element_type=\"widget\" data-settings=\"{&quot;_animation&quot;:&quot;fadeIn&quot;,&quot;_animation_delay&quot;:200}\" data-widget_type=\"heading.default\">\n\t\t\t\t<div class=\"elementor-widget-container\">\n\t\t\t\t\t<h2 class=\"elementor-heading-title elementor-size-default\">1. Till\u00e4mpning<\/h2>\t\t\t\t<\/div>\n\t\t\t\t<\/div>\n\t\t\t\t<div class=\"elementor-element elementor-element-b093cc6 elementor-invisible elementor-widget elementor-widget-text-editor\" data-id=\"b093cc6\" data-element_type=\"widget\" data-settings=\"{&quot;_animation&quot;:&quot;fadeIn&quot;,&quot;_animation_delay&quot;:200}\" data-widget_type=\"text-editor.default\">\n\t\t\t\t<div class=\"elementor-widget-container\">\n\t\t\t\t\t\t\t\t\t1.1<br>Dessa allm\u00e4nna villkor g\u00e4ller f\u00f6r samtliga tj\u00e4nster som tillhandah\u00e5lls av \u00d6stenssons interior design studio AB, 559141-3082, (nedan \u201d \u00d6stenssons\u201d, \u201dvi\u201d, \u201doss\u201d eller \u201dv\u00e5r\u201d) s\u00e5vida inte annat skriftligen avtalas avseende det enskilda uppdraget.\t\t\t\t\t\t\t\t<\/div>\n\t\t\t\t<\/div>\n\t\t\t\t<div class=\"elementor-element elementor-element-92f70b4 elementor-invisible elementor-widget elementor-widget-heading\" data-id=\"92f70b4\" data-element_type=\"widget\" data-settings=\"{&quot;_animation&quot;:&quot;fadeIn&quot;,&quot;_animation_delay&quot;:200}\" data-widget_type=\"heading.default\">\n\t\t\t\t<div class=\"elementor-widget-container\">\n\t\t\t\t\t<h2 class=\"elementor-heading-title elementor-size-default\">2.  Tj\u00e4nsternas omfattning, avtalat arvode m.m<\/h2>\t\t\t\t<\/div>\n\t\t\t\t<\/div>\n\t\t\t\t<div class=\"elementor-element elementor-element-6ad0704 elementor-invisible elementor-widget elementor-widget-text-editor\" data-id=\"6ad0704\" data-element_type=\"widget\" data-settings=\"{&quot;_animation&quot;:&quot;fadeIn&quot;,&quot;_animation_delay&quot;:200}\" data-widget_type=\"text-editor.default\">\n\t\t\t\t<div class=\"elementor-widget-container\">\n\t\t\t\t\t\t\t\t\t\u200b2.1<br>\nVi tillhandah\u00e5ller tj\u00e4nster utifr\u00e5n de omst\u00e4ndigheter, fakta och instruktioner som best\u00e4llaren l\u00e4mnar till oss i det enskilda uppdraget. Vid fullst\u00e4ndiga inredningsuppdrag vidtar vi erforderliga ink\u00f6p fr\u00e5n tredje man inom ramen f\u00f6r uppdraget.\t\t\t\t\t\t\t\t<\/div>\n\t\t\t\t<\/div>\n\t\t\t\t<div class=\"elementor-element elementor-element-13feb9b elementor-invisible elementor-widget elementor-widget-text-editor\" data-id=\"13feb9b\" data-element_type=\"widget\" data-settings=\"{&quot;_animation&quot;:&quot;fadeIn&quot;,&quot;_animation_delay&quot;:200}\" data-widget_type=\"text-editor.default\">\n\t\t\t\t<div class=\"elementor-widget-container\">\n\t\t\t\t\t\t\t\t\t\u200b2.2<br>\nF\u00f6r uppdraget utg\u00e5r avtalad ers\u00e4ttning. Vid r\u00f6rligt arvode kan budget uppr\u00e4ttas. F\u00f6r \u00e4ndrings- och till\u00e4ggsarbeten utg\u00e5r normalt ers\u00e4ttning f\u00f6r arbete p\u00e5 l\u00f6pande r\u00e4kning samt ers\u00e4ttning f\u00f6r kostnader h\u00e4nf\u00f6rliga till dessa arbeten, om inte annat avtalats. Ers\u00e4ttning utg\u00e5r normalt f\u00f6r kostnader f\u00f6r resor och logi inom ramen f\u00f6r uppdraget.\t\t\t\t\t\t\t\t<\/div>\n\t\t\t\t<\/div>\n\t\t\t\t<div class=\"elementor-element elementor-element-3fd5a27 elementor-invisible elementor-widget elementor-widget-text-editor\" data-id=\"3fd5a27\" data-element_type=\"widget\" data-settings=\"{&quot;_animation&quot;:&quot;fadeIn&quot;,&quot;_animation_delay&quot;:200}\" data-widget_type=\"text-editor.default\">\n\t\t\t\t<div class=\"elementor-widget-container\">\n\t\t\t\t\t\t\t\t\t\u200b2.3<br>\nUppdragets omfattning best\u00e4ms av huvudavtalet och dessa allm\u00e4nna villkor. Om handlingarna strider mot varandra ska huvudavtalet \u00e4ga f\u00f6retr\u00e4de.\n\t\t\t\t\t\t\t\t<\/div>\n\t\t\t\t<\/div>\n\t\t\t\t<div class=\"elementor-element elementor-element-9340ff7 elementor-invisible elementor-widget elementor-widget-text-editor\" data-id=\"9340ff7\" data-element_type=\"widget\" data-settings=\"{&quot;_animation&quot;:&quot;fadeIn&quot;,&quot;_animation_delay&quot;:200}\" data-widget_type=\"text-editor.default\">\n\t\t\t\t<div class=\"elementor-widget-container\">\n\t\t\t\t\t\t\t\t\t\u200b2.4<br>\nParterna ska h\u00e5lla varandra underr\u00e4ttade om f\u00f6rh\u00e5llanden som kan antas ha betydelse f\u00f6r uppdraget.\t\t\t\t\t\t\t\t<\/div>\n\t\t\t\t<\/div>\n\t\t\t\t<div class=\"elementor-element elementor-element-1ce1717 elementor-invisible elementor-widget elementor-widget-text-editor\" data-id=\"1ce1717\" data-element_type=\"widget\" data-settings=\"{&quot;_animation&quot;:&quot;fadeIn&quot;,&quot;_animation_delay&quot;:200}\" data-widget_type=\"text-editor.default\">\n\t\t\t\t<div class=\"elementor-widget-container\">\n\t\t\t\t\t\t\t\t\t\u200b2.5<br>\n\u00d6stenssons ska till best\u00e4llaren anm\u00e4la behov av arbete som inte ing\u00e5r i uppdraget eller behov av nya eller \u00e4ndrade direktiv. Om best\u00e4llaren framst\u00e4ller krav p\u00e5 arbete som vi anser ligger utanf\u00f6r uppdraget ska vi innan s\u00e5dant arbete p\u00e5b\u00f6rjas anm\u00e4la detta till best\u00e4llaren.\t\t\t\t\t\t\t\t<\/div>\n\t\t\t\t<\/div>\n\t\t\t\t<div class=\"elementor-element elementor-element-529c238 elementor-invisible elementor-widget elementor-widget-text-editor\" data-id=\"529c238\" data-element_type=\"widget\" data-settings=\"{&quot;_animation&quot;:&quot;fadeIn&quot;,&quot;_animation_delay&quot;:200}\" data-widget_type=\"text-editor.default\">\n\t\t\t\t<div class=\"elementor-widget-container\">\n\t\t\t\t\t\t\t\t\t\u200b2.6<br>\n\u00d6stenssons ska p\u00e5 best\u00e4llarens beg\u00e4ran uppr\u00e4tta f\u00f6rslag till den tidplan som efter \u00f6verenskommelse ska g\u00e4lla f\u00f6r uppdraget. Best\u00e4llaren ska l\u00e4mna underlag till f\u00f6rslaget.\t\t\t\t\t\t\t\t<\/div>\n\t\t\t\t<\/div>\n\t\t\t\t<div class=\"elementor-element elementor-element-c7eab53 elementor-invisible elementor-widget elementor-widget-text-editor\" data-id=\"c7eab53\" data-element_type=\"widget\" data-settings=\"{&quot;_animation&quot;:&quot;fadeIn&quot;,&quot;_animation_delay&quot;:200}\" data-widget_type=\"text-editor.default\">\n\t\t\t\t<div class=\"elementor-widget-container\">\n\t\t\t\t\t\t\t\t\t\u200b2.7<br>\nUppdraget \u00e4r, om inte annat avtalats, slutf\u00f6rt n\u00e4r uppdragsresultatet redovisats p\u00e5 det s\u00e4tt parterna kommit \u00f6verens om.\t\t\t\t\t\t\t\t<\/div>\n\t\t\t\t<\/div>\n\t\t\t\t<div class=\"elementor-element elementor-element-1a2dbba elementor-invisible elementor-widget elementor-widget-heading\" data-id=\"1a2dbba\" data-element_type=\"widget\" data-settings=\"{&quot;_animation&quot;:&quot;fadeIn&quot;,&quot;_animation_delay&quot;:200}\" data-widget_type=\"heading.default\">\n\t\t\t\t<div class=\"elementor-widget-container\">\n\t\t\t\t\t<h2 class=\"elementor-heading-title elementor-size-default\">3. Fakturering<\/h2>\t\t\t\t<\/div>\n\t\t\t\t<\/div>\n\t\t\t\t<div class=\"elementor-element elementor-element-9ee3662 elementor-invisible elementor-widget elementor-widget-text-editor\" data-id=\"9ee3662\" data-element_type=\"widget\" data-settings=\"{&quot;_animation&quot;:&quot;fadeIn&quot;,&quot;_animation_delay&quot;:200}\" data-widget_type=\"text-editor.default\">\n\t\t\t\t<div class=\"elementor-widget-container\">\n\t\t\t\t\t\t\t\t\t3.1<br>\nFakturering kan, utifr\u00e5n uppdragets karakt\u00e4r, ske l\u00f6pande under \u00e4rendets g\u00e5ng eller i samband med att ett \u00e4rende avslutas.\t\t\t\t\t\t\t\t<\/div>\n\t\t\t\t<\/div>\n\t\t\t\t<div class=\"elementor-element elementor-element-6c42be9 elementor-invisible elementor-widget elementor-widget-text-editor\" data-id=\"6c42be9\" data-element_type=\"widget\" data-settings=\"{&quot;_animation&quot;:&quot;fadeIn&quot;,&quot;_animation_delay&quot;:200}\" data-widget_type=\"text-editor.default\">\n\t\t\t\t<div class=\"elementor-widget-container\">\n\t\t\t\t\t\t\t\t\t3.2<br>\nV\u00e5ra fakturor f\u00f6rfaller normalt till betalning 14 dagar efter fakturadatum och st\u00e4lls ut till er, i er egenskap av best\u00e4llare. Vid utebliven betalning debiteras dr\u00f6jsm\u00e5lsr\u00e4nta p\u00e5 utest\u00e5ende belopp i enlighet med till\u00e4mplig lag fr\u00e5n f\u00f6rfallodagen till dess att betalningen \u00e4r mottagen.\t\t\t\t\t\t\t\t<\/div>\n\t\t\t\t<\/div>\n\t\t\t\t<div class=\"elementor-element elementor-element-d92a2e9 elementor-invisible elementor-widget elementor-widget-heading\" data-id=\"d92a2e9\" data-element_type=\"widget\" data-settings=\"{&quot;_animation&quot;:&quot;fadeIn&quot;,&quot;_animation_delay&quot;:200}\" data-widget_type=\"heading.default\">\n\t\t\t\t<div class=\"elementor-widget-container\">\n\t\t\t\t\t<h2 class=\"elementor-heading-title elementor-size-default\">4. \u00c4gander\u00e4ttsf\u00f6rbeh\u00e5ll<\/h2>\t\t\t\t<\/div>\n\t\t\t\t<\/div>\n\t\t\t\t<div class=\"elementor-element elementor-element-7d33d9d elementor-invisible elementor-widget elementor-widget-text-editor\" data-id=\"7d33d9d\" data-element_type=\"widget\" data-settings=\"{&quot;_animation&quot;:&quot;fadeIn&quot;,&quot;_animation_delay&quot;:200}\" data-widget_type=\"text-editor.default\">\n\t\t\t\t<div class=\"elementor-widget-container\">\n\t\t\t\t\t\t\t\t\t4.1<br>\nBest\u00e4llda varor utg\u00f6r \u00d6stenssons egendom intill full betalning har erlagts\t\t\t\t\t\t\t\t<\/div>\n\t\t\t\t<\/div>\n\t\t\t\t<div class=\"elementor-element elementor-element-11a52b7 elementor-invisible elementor-widget elementor-widget-heading\" data-id=\"11a52b7\" data-element_type=\"widget\" data-settings=\"{&quot;_animation&quot;:&quot;fadeIn&quot;,&quot;_animation_delay&quot;:200}\" data-widget_type=\"heading.default\">\n\t\t\t\t<div class=\"elementor-widget-container\">\n\t\t\t\t\t<h2 class=\"elementor-heading-title elementor-size-default\">5. Unders\u00f6kning av varan<\/h2>\t\t\t\t<\/div>\n\t\t\t\t<\/div>\n\t\t\t\t<div class=\"elementor-element elementor-element-d062773 elementor-invisible elementor-widget elementor-widget-text-editor\" data-id=\"d062773\" data-element_type=\"widget\" data-settings=\"{&quot;_animation&quot;:&quot;fadeIn&quot;,&quot;_animation_delay&quot;:200}\" data-widget_type=\"text-editor.default\">\n\t\t\t\t<div class=\"elementor-widget-container\">\n\t\t\t\t\t\t\t\t\t\u200b5.1<br>\nN\u00e4r en vara har avl\u00e4mnats ska best\u00e4llaren omg\u00e5ende unders\u00f6ka den. Om fel p\u00e5tr\u00e4ffas ska best\u00e4llaren omedelbart underr\u00e4tta \u00d6stenssons. Om underr\u00e4ttelse inte sker har best\u00e4llaren d\u00e4refter inte r\u00e4tt att g\u00f6ra g\u00e4llande felet\t\t\t\t\t\t\t\t<\/div>\n\t\t\t\t<\/div>\n\t\t\t\t<div class=\"elementor-element elementor-element-edc1941 elementor-invisible elementor-widget elementor-widget-heading\" data-id=\"edc1941\" data-element_type=\"widget\" data-settings=\"{&quot;_animation&quot;:&quot;fadeIn&quot;,&quot;_animation_delay&quot;:200}\" data-widget_type=\"heading.default\">\n\t\t\t\t<div class=\"elementor-widget-container\">\n\t\t\t\t\t<h2 class=\"elementor-heading-title elementor-size-default\">6. Fel i vara och reklamation<\/h2>\t\t\t\t<\/div>\n\t\t\t\t<\/div>\n\t\t\t\t<div class=\"elementor-element elementor-element-486be3a elementor-invisible elementor-widget elementor-widget-text-editor\" data-id=\"486be3a\" data-element_type=\"widget\" data-settings=\"{&quot;_animation&quot;:&quot;fadeIn&quot;,&quot;_animation_delay&quot;:200}\" data-widget_type=\"text-editor.default\">\n\t\t\t\t<div class=\"elementor-widget-container\">\n\t\t\t\t\t\t\t\t\t\u200b6.1<br>\nVi \u00e4r skyldiga att i enlighet med best\u00e4mmelserna nedan avhj\u00e4lpa fel betr\u00e4ffande levererade varor.\t\t\t\t\t\t\t\t<\/div>\n\t\t\t\t<\/div>\n\t\t\t\t<div class=\"elementor-element elementor-element-2cbe161 elementor-invisible elementor-widget elementor-widget-text-editor\" data-id=\"2cbe161\" data-element_type=\"widget\" data-settings=\"{&quot;_animation&quot;:&quot;fadeIn&quot;,&quot;_animation_delay&quot;:200}\" data-widget_type=\"text-editor.default\">\n\t\t\t\t<div class=\"elementor-widget-container\">\n\t\t\t\t\t\t\t\t\t\u200b6.2<br>\nBest\u00e4llaren f\u00e5r inte \u00e5beropa att varan \u00e4r felaktig, om han inte l\u00e4mnar \u00d6stenssons meddelande om felet inom 10 dagar efter det att han m\u00e4rkt eller borde ha m\u00e4rkt felet (reklamation), dock senast tolv m\u00e5nader efter att best\u00e4llaren tog emot varan.\t\t\t\t\t\t\t\t<\/div>\n\t\t\t\t<\/div>\n\t\t\t\t<div class=\"elementor-element elementor-element-a4c72d5 elementor-invisible elementor-widget elementor-widget-text-editor\" data-id=\"a4c72d5\" data-element_type=\"widget\" data-settings=\"{&quot;_animation&quot;:&quot;fadeIn&quot;,&quot;_animation_delay&quot;:200}\" data-widget_type=\"text-editor.default\">\n\t\t\t\t<div class=\"elementor-widget-container\">\n\t\t\t\t\t\t\t\t\t6.3<br>\nVi ansvarar inte f\u00f6r fel som beror p\u00e5 best\u00e4llaren eller av best\u00e4llaren tillhandah\u00e5llet material eller p\u00e5 dessa f\u00f6reskriven eller specificerad konstruktion. Vi ansvarar inte f\u00f6r fel som uppst\u00e5r till f\u00f6ljd av bristf\u00e4lligt underh\u00e5ll, normal f\u00f6rslitning eller normal f\u00f6rs\u00e4mring. Best\u00e4llaren kan inte g\u00f6ra g\u00e4llande att en viss vara inte passar in eller p\u00e5 n\u00e5got annat s\u00e4tt utseendem\u00e4ssigt skiljer sig fr\u00e5n vad som best\u00e4llaren f\u00f6rv\u00e4ntat sig om en viss helhetsbild, om varan i sig \u00f6verensst\u00e4mmer med vad som presenterats av \u00d6stenssons.\t\t\t\t\t\t\t\t<\/div>\n\t\t\t\t<\/div>\n\t\t\t\t<div class=\"elementor-element elementor-element-940b574 elementor-invisible elementor-widget elementor-widget-text-editor\" data-id=\"940b574\" data-element_type=\"widget\" data-settings=\"{&quot;_animation&quot;:&quot;fadeIn&quot;,&quot;_animation_delay&quot;:200}\" data-widget_type=\"text-editor.default\">\n\t\t\t\t<div class=\"elementor-widget-container\">\n\t\t\t\t\t\t\t\t\t6.4<br>\nBest\u00e4llaren \u00e4r medveten om att vissa varor kan designas endast f\u00f6r utf\u00f6randet av tj\u00e4nsten liksom att vissa varor anpassas s\u00e4rskilt f\u00f6r best\u00e4llaren. Best\u00e4llaren kan inte h\u00e4va ett k\u00f6p av s\u00e5dana varor.\t\t\t\t\t\t\t\t<\/div>\n\t\t\t\t<\/div>\n\t\t\t\t\t<\/div>\n\t\t<\/div>\n\t\t\t\t<div class=\"has_eae_slider elementor-column elementor-col-50 elementor-inner-column elementor-element elementor-element-6a9b562\" data-id=\"6a9b562\" data-element_type=\"column\">\n\t\t\t<div class=\"elementor-widget-wrap elementor-element-populated\">\n\t\t\t\t\t\t<div class=\"elementor-element elementor-element-05666b4 elementor-invisible elementor-widget elementor-widget-heading\" data-id=\"05666b4\" data-element_type=\"widget\" data-settings=\"{&quot;_animation&quot;:&quot;fadeIn&quot;,&quot;_animation_delay&quot;:200}\" data-widget_type=\"heading.default\">\n\t\t\t\t<div class=\"elementor-widget-container\">\n\t\t\t\t\t<h2 class=\"elementor-heading-title elementor-size-default\">7. Ansvar<\/h2>\t\t\t\t<\/div>\n\t\t\t\t<\/div>\n\t\t\t\t<div class=\"elementor-element elementor-element-b59b783 elementor-invisible elementor-widget elementor-widget-text-editor\" data-id=\"b59b783\" data-element_type=\"widget\" data-settings=\"{&quot;_animation&quot;:&quot;fadeIn&quot;,&quot;_animation_delay&quot;:200}\" data-widget_type=\"text-editor.default\">\n\t\t\t\t<div class=\"elementor-widget-container\">\n\t\t\t\t\t\t\t\t\t7.1<br>\nBest\u00e4llaren har r\u00e4tt till ers\u00e4ttning fr\u00e5n \u00d6stenssons f\u00f6r skada som orsakats av oss genom grov oaktsamhet. Best\u00e4llaren ska s\u00e5 l\u00e5ngt det \u00e4r m\u00f6jligt vidta \u00e5tg\u00e4rder f\u00f6r att begr\u00e4nsa skadans omfattning. \u00d6stenssons ansvar \u00e4r begr\u00e4nsat till tv\u00e5 g\u00e5nger ers\u00e4ttningen f\u00f6r uppdraget eller, i f\u00f6rekommande fall, utfallande f\u00f6rs\u00e4kringsbelopp. Vid fel ska \u00d6stenssons ges tillf\u00e4lle att avhj\u00e4lpa felet eller f\u00f6reta omleverans (enligt \u00d6stenssons val) och f\u00f6rst om felet inte avhj\u00e4lps kan best\u00e4llaren kr\u00e4va andra p\u00e5f\u00f6ljder s\u00e5som prisavdrag eller h\u00e4vning av k\u00f6pet.\t\t\t\t\t\t\t\t<\/div>\n\t\t\t\t<\/div>\n\t\t\t\t<div class=\"elementor-element elementor-element-645efe7 elementor-invisible elementor-widget elementor-widget-heading\" data-id=\"645efe7\" data-element_type=\"widget\" data-settings=\"{&quot;_animation&quot;:&quot;fadeIn&quot;,&quot;_animation_delay&quot;:200}\" data-widget_type=\"heading.default\">\n\t\t\t\t<div class=\"elementor-widget-container\">\n\t\t\t\t\t<h2 class=\"elementor-heading-title elementor-size-default\">8. Immateriella r\u00e4ttigheter<\/h2>\t\t\t\t<\/div>\n\t\t\t\t<\/div>\n\t\t\t\t<div class=\"elementor-element elementor-element-53e8435 elementor-invisible elementor-widget elementor-widget-text-editor\" data-id=\"53e8435\" data-element_type=\"widget\" data-settings=\"{&quot;_animation&quot;:&quot;fadeIn&quot;,&quot;_animation_delay&quot;:200}\" data-widget_type=\"text-editor.default\">\n\t\t\t\t<div class=\"elementor-widget-container\">\n\t\t\t\t\t\t\t\t\t8.1<br>\nI uppdraget ing\u00e5r inte n\u00e5gon \u00f6verl\u00e5telse av upphovsr\u00e4tt eller andra immateriella r\u00e4ttigheter. Det inneb\u00e4r att \u00d6stenssons beh\u00e5ller upphovsr\u00e4tten till allt material och allt som designats, exempelvis en vara\/inredningsdetalj som designats inom ramen f\u00f6r uppdraget.\t\t\t\t\t\t\t\t<\/div>\n\t\t\t\t<\/div>\n\t\t\t\t<div class=\"elementor-element elementor-element-13bc7fa elementor-invisible elementor-widget elementor-widget-text-editor\" data-id=\"13bc7fa\" data-element_type=\"widget\" data-settings=\"{&quot;_animation&quot;:&quot;fadeIn&quot;,&quot;_animation_delay&quot;:200}\" data-widget_type=\"text-editor.default\">\n\t\t\t\t<div class=\"elementor-widget-container\">\n\t\t\t\t\t\t\t\t\t8.2<br>\n\u00d6stenssons f\u00f6rbeh\u00e5ller sig r\u00e4tten att dokumentera\/fotografera sitt arbetsresultat och att anv\u00e4nda s\u00e5dant material f\u00f6r marknadsf\u00f6rings\u00e4ndam\u00e5l eller som referensmaterial mot nya eller potentiella kunder.\t\t\t\t\t\t\t\t<\/div>\n\t\t\t\t<\/div>\n\t\t\t\t<div class=\"elementor-element elementor-element-47035e4 elementor-invisible elementor-widget elementor-widget-heading\" data-id=\"47035e4\" data-element_type=\"widget\" data-settings=\"{&quot;_animation&quot;:&quot;fadeIn&quot;,&quot;_animation_delay&quot;:200}\" data-widget_type=\"heading.default\">\n\t\t\t\t<div class=\"elementor-widget-container\">\n\t\t\t\t\t<h2 class=\"elementor-heading-title elementor-size-default\">9. Befrielsegrunder<\/h2>\t\t\t\t<\/div>\n\t\t\t\t<\/div>\n\t\t\t\t<div class=\"elementor-element elementor-element-db8f4e0 elementor-invisible elementor-widget elementor-widget-text-editor\" data-id=\"db8f4e0\" data-element_type=\"widget\" data-settings=\"{&quot;_animation&quot;:&quot;fadeIn&quot;,&quot;_animation_delay&quot;:200}\" data-widget_type=\"text-editor.default\">\n\t\t\t\t<div class=\"elementor-widget-container\">\n\t\t\t\t\t\t\t\t\t9.1<br>\nF\u00f6ljande omst\u00e4ndigheter utg\u00f6r befrielsegrunder om de medf\u00f6r att uppdragets fullg\u00f6rande hindras eller blir osk\u00e4ligt betungande: arbetskonflikt\/strejk och varje annan omst\u00e4ndighet som parterna inte kan r\u00e5da \u00f6ver, s\u00e5som eldsv\u00e5da, naturkatastrofer och extrema naturh\u00e4ndelser, krig, mobilisering eller milit\u00e4rinkallelser av motsvarande omfattning, rekvisition, beslag, handels- och valutarestriktioner, uppror och upplopp, knapphet p\u00e5 transportmedel, allm\u00e4n varuknapphet, inskr\u00e4nkningar i tillf\u00f6rseln av drivkraft samt fel eller f\u00f6rsening av leveranser, som orsakas av s\u00e5dan befrielsegrund. Ovan n\u00e4mnda omst\u00e4ndigheter utg\u00f6r befrielsegrund endast om deras inverkan p\u00e5 uppdragets fullg\u00f6rande inte kunde f\u00f6rutses d\u00e5 avtal om uppdraget ingicks.\t\t\t\t\t\t\t\t<\/div>\n\t\t\t\t<\/div>\n\t\t\t\t<div class=\"elementor-element elementor-element-9031674 elementor-invisible elementor-widget elementor-widget-heading\" data-id=\"9031674\" data-element_type=\"widget\" data-settings=\"{&quot;_animation&quot;:&quot;fadeIn&quot;,&quot;_animation_delay&quot;:200}\" data-widget_type=\"heading.default\">\n\t\t\t\t<div class=\"elementor-widget-container\">\n\t\t\t\t\t<h2 class=\"elementor-heading-title elementor-size-default\">10. Avtalets f\u00f6rtida upph\u00f6rande\n<\/h2>\t\t\t\t<\/div>\n\t\t\t\t<\/div>\n\t\t\t\t<div class=\"elementor-element elementor-element-07c1abe elementor-invisible elementor-widget elementor-widget-text-editor\" data-id=\"07c1abe\" data-element_type=\"widget\" data-settings=\"{&quot;_animation&quot;:&quot;fadeIn&quot;,&quot;_animation_delay&quot;:200}\" data-widget_type=\"text-editor.default\">\n\t\t\t\t<div class=\"elementor-widget-container\">\n\t\t\t\t\t\t\t\t\t10.1<br>\nNi kan n\u00e4r som helst skriftligen s\u00e4ga upp avtalet med iakttagande av 45 dagars upps\u00e4gningstid, om inte annat s\u00e4rskilt anges i huvudavtalet.\t\t\t\t\t\t\t\t<\/div>\n\t\t\t\t<\/div>\n\t\t\t\t<div class=\"elementor-element elementor-element-5746494 elementor-invisible elementor-widget elementor-widget-text-editor\" data-id=\"5746494\" data-element_type=\"widget\" data-settings=\"{&quot;_animation&quot;:&quot;fadeIn&quot;,&quot;_animation_delay&quot;:200}\" data-widget_type=\"text-editor.default\">\n\t\t\t\t<div class=\"elementor-widget-container\">\n\t\t\t\t\t\t\t\t\t<p>10.2<br \/>Vardera parten har r\u00e4tt att s\u00e4ga upp avtalet till omedelbart upph\u00f6rande om motparten har f\u00f6rsatts i konkurs, inleder ackordsf\u00f6rhandlingar, \u00e4r f\u00f6rem\u00e5l f\u00f6r f\u00f6retagsrekonstruktion eller annars \u00e4r p\u00e5 obest\u00e5nd.<\/p>\t\t\t\t\t\t\t\t<\/div>\n\t\t\t\t<\/div>\n\t\t\t\t<div class=\"elementor-element elementor-element-25a31f7 elementor-invisible elementor-widget elementor-widget-text-editor\" data-id=\"25a31f7\" data-element_type=\"widget\" data-settings=\"{&quot;_animation&quot;:&quot;fadeIn&quot;,&quot;_animation_delay&quot;:200}\" data-widget_type=\"text-editor.default\">\n\t\t\t\t<div class=\"elementor-widget-container\">\n\t\t\t\t\t\t\t\t\t10.3<br>\nVi har vid upph\u00f6rande av avtalet r\u00e4tt att erh\u00e5lla betalt f\u00f6r arbete och kostnader som \u00e4r nedlagda i uppdraget fram till upph\u00f6randet av detta.\t\t\t\t\t\t\t\t<\/div>\n\t\t\t\t<\/div>\n\t\t\t\t<div class=\"elementor-element elementor-element-ef7bc54 elementor-invisible elementor-widget elementor-widget-heading\" data-id=\"ef7bc54\" data-element_type=\"widget\" data-settings=\"{&quot;_animation&quot;:&quot;fadeIn&quot;,&quot;_animation_delay&quot;:200}\" data-widget_type=\"heading.default\">\n\t\t\t\t<div class=\"elementor-widget-container\">\n\t\t\t\t\t<h2 class=\"elementor-heading-title elementor-size-default\">11. Personuppgifter och kommunikation\n<\/h2>\t\t\t\t<\/div>\n\t\t\t\t<\/div>\n\t\t\t\t<div class=\"elementor-element elementor-element-49ca412 elementor-invisible elementor-widget elementor-widget-text-editor\" data-id=\"49ca412\" data-element_type=\"widget\" data-settings=\"{&quot;_animation&quot;:&quot;fadeIn&quot;,&quot;_animation_delay&quot;:200}\" data-widget_type=\"text-editor.default\">\n\t\t\t\t<div class=\"elementor-widget-container\">\n\t\t\t\t\t\t\t\t\t11.1<br>\n\u00d6stenssons \u00e4r personuppgiftsansvarig f\u00f6r personuppgifter som l\u00e4mnas i samband med uppdrag. Personuppgifterna behandlas av oss f\u00f6r fullg\u00f6relse av uppdrag, f\u00f6r administration samt f\u00f6r att kunna fullg\u00f6ra v\u00e5ra f\u00f6rpliktelser enligt lag. F\u00f6r vidare information om v\u00e5r behandling av personuppgifter se s\u00e4rskilt uppr\u00e4ttat dokument \u201dInformation om \u00d6stenssons policy f\u00f6r behandling av personuppgifter\u201d. Har ni fr\u00e5gor om v\u00e5r personuppgiftsbehandling \u00e4r ni v\u00e4lkomna att kontakta oss.\t\t\t\t\t\t\t\t<\/div>\n\t\t\t\t<\/div>\n\t\t\t\t<div class=\"elementor-element elementor-element-c55b233 elementor-invisible elementor-widget elementor-widget-text-editor\" data-id=\"c55b233\" data-element_type=\"widget\" data-settings=\"{&quot;_animation&quot;:&quot;fadeIn&quot;,&quot;_animation_delay&quot;:200}\" data-widget_type=\"text-editor.default\">\n\t\t\t\t<div class=\"elementor-widget-container\">\n\t\t\t\t\t\t\t\t\t11.2<br>\nVi kan kommunicera med er p\u00e5 flera s\u00e4tt och d\u00e4ribland via internet och e-post. De utg\u00f6r effektiva kommunikationsmedel men kan ocks\u00e5 inneb\u00e4ra risker ur ett s\u00e4kerhets- och sekretessperspektiv. Skulle ni f\u00f6redra att vi avst\u00e5r fr\u00e5n att kommunicera med er via internet eller e-post ber vi er meddela oss detta.\t\t\t\t\t\t\t\t<\/div>\n\t\t\t\t<\/div>\n\t\t\t\t<div class=\"elementor-element elementor-element-30e59e7 elementor-invisible elementor-widget elementor-widget-heading\" data-id=\"30e59e7\" data-element_type=\"widget\" data-settings=\"{&quot;_animation&quot;:&quot;fadeIn&quot;,&quot;_animation_delay&quot;:200}\" data-widget_type=\"heading.default\">\n\t\t\t\t<div class=\"elementor-widget-container\">\n\t\t\t\t\t<h2 class=\"elementor-heading-title elementor-size-default\">12. Klagom\u00e5l och krav<\/h2>\t\t\t\t<\/div>\n\t\t\t\t<\/div>\n\t\t\t\t<div class=\"elementor-element elementor-element-57b0417 elementor-invisible elementor-widget elementor-widget-text-editor\" data-id=\"57b0417\" data-element_type=\"widget\" data-settings=\"{&quot;_animation&quot;:&quot;fadeIn&quot;,&quot;_animation_delay&quot;:200}\" data-widget_type=\"text-editor.default\">\n\t\t\t\t<div class=\"elementor-widget-container\">\n\t\t\t\t\t\t\t\t\t12.1<br>\n12.1\tV\u00e5r str\u00e4van \u00e4r att ni ska vara bel\u00e5tna med v\u00e5ra tj\u00e4nster. Vi vill f\u00f6rs\u00e4kra oss om att ni \u00e4r n\u00f6jda och att det arbete vi utf\u00f6r uppfyller era f\u00f6rv\u00e4ntningar. Om ni, av n\u00e5got sk\u00e4l, \u00e4r missn\u00f6jda eller har klagom\u00e5l s\u00e5 ber vi er att kontakta oss s\u00e5 snart som m\u00f6jligt. P\u00e5 er beg\u00e4ran kommer vi att utreda ert klagom\u00e5l och f\u00f6rs\u00f6ka besvara de fr\u00e5gor som ni kan ha.\t\t\t\t\t\t\t\t<\/div>\n\t\t\t\t<\/div>\n\t\t\t\t<div class=\"elementor-element elementor-element-2225148 elementor-invisible elementor-widget elementor-widget-heading\" data-id=\"2225148\" data-element_type=\"widget\" data-settings=\"{&quot;_animation&quot;:&quot;fadeIn&quot;,&quot;_animation_delay&quot;:200}\" data-widget_type=\"heading.default\">\n\t\t\t\t<div class=\"elementor-widget-container\">\n\t\t\t\t\t<h2 class=\"elementor-heading-title elementor-size-default\">13. Till\u00e4mplig lag och tvistel\u00f6sning<\/h2>\t\t\t\t<\/div>\n\t\t\t\t<\/div>\n\t\t\t\t<div class=\"elementor-element elementor-element-5ddbca4 elementor-invisible elementor-widget elementor-widget-text-editor\" data-id=\"5ddbca4\" data-element_type=\"widget\" data-settings=\"{&quot;_animation&quot;:&quot;fadeIn&quot;,&quot;_animation_delay&quot;:200}\" data-widget_type=\"text-editor.default\">\n\t\t\t\t<div class=\"elementor-widget-container\">\n\t\t\t\t\t\t\t\t\t13.1<br>\nDessa allm\u00e4nna villkor och huvudavtalet samt eventuella tvister som uppkommer avseende v\u00e5rt uppdrag f\u00f6r er regleras av och tolkas enligt svensk lagstiftning.\t\t\t\t\t\t\t\t<\/div>\n\t\t\t\t<\/div>\n\t\t\t\t<div class=\"elementor-element elementor-element-434d8eb elementor-invisible elementor-widget elementor-widget-text-editor\" data-id=\"434d8eb\" data-element_type=\"widget\" data-settings=\"{&quot;_animation&quot;:&quot;fadeIn&quot;,&quot;_animation_delay&quot;:200}\" data-widget_type=\"text-editor.default\">\n\t\t\t\t<div class=\"elementor-widget-container\">\n\t\t\t\t\t\t\t\t\t13.2<br>\nTvist eller anspr\u00e5k som h\u00e4rr\u00f6r fr\u00e5n eller har samband med dessa villkor eller huvudavtalet och v\u00e5rt uppdrag f\u00f6r er ska slutligt avg\u00f6ras av svensk domstol, med Ume\u00e5 tingsr\u00e4tt som f\u00f6rsta instans.\t\t\t\t\t\t\t\t<\/div>\n\t\t\t\t<\/div>\n\t\t\t\t\t<\/div>\n\t\t<\/div>\n\t\t\t\t\t<\/div>\n\t\t<\/section>\n\t\t\t\t\t<\/div>\n\t\t<\/div>\n\t\t\t\t\t<\/div>\n\t\t<\/section>\n\t\t\t\t<\/div>","protected":false},"excerpt":{"rendered":"<p>Terms and conditions 1. Application 1.1 These general terms and conditions apply to all services provided by \u00d6stensson&#8217;s interior design studio AB, 559141-3082, (hereinafter &#8220;\u00d6stensson&#8217;s&#8221;, &#8220;we&#8221;, &#8220;us&#8221; or &#8220;our&#8221;) unless otherwise agreed in writing regarding the individual assignment. 2. Scope of services, agreed fees etc. \u200b2.1 We provide services based on the circumstances, facts and [&hellip;]<\/p>","protected":false},"author":1,"featured_media":0,"parent":0,"menu_order":0,"comment_status":"closed","ping_status":"closed","template":"elementor_header_footer","meta":{"_acf_changed":false,"inline_featured_image":false,"footnotes":""},"class_list":["post-1011","page","type-page","status-publish","hentry"],"acf":[],"yoast_head":"<!-- This site is optimized with the Yoast SEO Premium plugin v24.9 (Yoast SEO v24.9) - https:\/\/yoast.com\/wordpress\/plugins\/seo\/ -->\n<title>Terms &amp; Conditions | \u00d6stensson interior design studio<\/title>\n<meta name=\"description\" content=\"\u00d6stensson Design Studio is an award-winning interior design studio. We are more than willing to help with any project you have in mind.\" \/>\n<meta name=\"robots\" content=\"index, follow, max-snippet:-1, max-image-preview:large, max-video-preview:-1\" \/>\n<link rel=\"canonical\" href=\"https:\/\/ostenssons.com\/sv\/termsconditions\/\" \/>\n<meta property=\"og:locale\" content=\"sv_SE\" \/>\n<meta property=\"og:type\" content=\"article\" \/>\n<meta property=\"og:title\" content=\"Terms &amp; conditions\" \/>\n<meta property=\"og:description\" content=\"\u00d6stensson Design Studio is an award-winning interior design studio. We are more than willing to help with any project you have in mind.\" \/>\n<meta property=\"og:url\" content=\"https:\/\/ostenssons.com\/sv\/termsconditions\/\" \/>\n<meta property=\"og:site_name\" content=\"\u00d6stensson interior design\" \/>\n<meta property=\"article:modified_time\" content=\"2019-11-26T11:49:32+00:00\" \/>\n<meta name=\"twitter:card\" content=\"summary_large_image\" \/>\n<meta name=\"twitter:label1\" content=\"Ber\u00e4knad l\u00e4stid\" \/>\n\t<meta name=\"twitter:data1\" content=\"6 minuter\" \/>\n<script type=\"application\/ld+json\" class=\"yoast-schema-graph\">{\"@context\":\"https:\/\/schema.org\",\"@graph\":[{\"@type\":\"WebPage\",\"@id\":\"https:\/\/ostenssons.com\/termsconditions\/\",\"url\":\"https:\/\/ostenssons.com\/termsconditions\/\",\"name\":\"Terms & Conditions | \u00d6stensson interior design studio\",\"isPartOf\":{\"@id\":\"https:\/\/ostenssons.com\/#website\"},\"datePublished\":\"2019-08-30T07:14:20+00:00\",\"dateModified\":\"2019-11-26T11:49:32+00:00\",\"description\":\"\u00d6stensson Design Studio is an award-winning interior design studio. We are more than willing to help with any project you have in mind.\",\"breadcrumb\":{\"@id\":\"https:\/\/ostenssons.com\/termsconditions\/#breadcrumb\"},\"inLanguage\":\"sv-SE\",\"potentialAction\":[{\"@type\":\"ReadAction\",\"target\":[\"https:\/\/ostenssons.com\/termsconditions\/\"]}]},{\"@type\":\"BreadcrumbList\",\"@id\":\"https:\/\/ostenssons.com\/termsconditions\/#breadcrumb\",\"itemListElement\":[{\"@type\":\"ListItem\",\"position\":1,\"name\":\"Home\",\"item\":\"https:\/\/ostenssons.com\/\"},{\"@type\":\"ListItem\",\"position\":2,\"name\":\"Terms &#038; conditions\"}]},{\"@type\":\"WebSite\",\"@id\":\"https:\/\/ostenssons.com\/#website\",\"url\":\"https:\/\/ostenssons.com\/\",\"name\":\"\u00d6stensson interior design\",\"description\":\"\",\"potentialAction\":[{\"@type\":\"SearchAction\",\"target\":{\"@type\":\"EntryPoint\",\"urlTemplate\":\"https:\/\/ostenssons.com\/?s={search_term_string}\"},\"query-input\":{\"@type\":\"PropertyValueSpecification\",\"valueRequired\":true,\"valueName\":\"search_term_string\"}}],\"inLanguage\":\"sv-SE\"}]}<\/script>\n<!-- \/ Yoast SEO Premium plugin. -->","yoast_head_json":{"title":"Terms & Conditions | \u00d6stensson interior design studio","description":"\u00d6stensson Design Studio is an award-winning interior design studio. We are more than willing to help with any project you have in mind.","robots":{"index":"index","follow":"follow","max-snippet":"max-snippet:-1","max-image-preview":"max-image-preview:large","max-video-preview":"max-video-preview:-1"},"canonical":"https:\/\/ostenssons.com\/sv\/termsconditions\/","og_locale":"sv_SE","og_type":"article","og_title":"Terms & conditions","og_description":"\u00d6stensson Design Studio is an award-winning interior design studio. We are more than willing to help with any project you have in mind.","og_url":"https:\/\/ostenssons.com\/sv\/termsconditions\/","og_site_name":"\u00d6stensson interior design","article_modified_time":"2019-11-26T11:49:32+00:00","twitter_card":"summary_large_image","twitter_misc":{"Ber\u00e4knad l\u00e4stid":"6 minuter"},"schema":{"@context":"https:\/\/schema.org","@graph":[{"@type":"WebPage","@id":"https:\/\/ostenssons.com\/termsconditions\/","url":"https:\/\/ostenssons.com\/termsconditions\/","name":"Terms & Conditions | \u00d6stensson interior design studio","isPartOf":{"@id":"https:\/\/ostenssons.com\/#website"},"datePublished":"2019-08-30T07:14:20+00:00","dateModified":"2019-11-26T11:49:32+00:00","description":"\u00d6stensson Design Studio is an award-winning interior design studio. We are more than willing to help with any project you have in mind.","breadcrumb":{"@id":"https:\/\/ostenssons.com\/termsconditions\/#breadcrumb"},"inLanguage":"sv-SE","potentialAction":[{"@type":"ReadAction","target":["https:\/\/ostenssons.com\/termsconditions\/"]}]},{"@type":"BreadcrumbList","@id":"https:\/\/ostenssons.com\/termsconditions\/#breadcrumb","itemListElement":[{"@type":"ListItem","position":1,"name":"Home","item":"https:\/\/ostenssons.com\/"},{"@type":"ListItem","position":2,"name":"Terms &#038; conditions"}]},{"@type":"WebSite","@id":"https:\/\/ostenssons.com\/#website","url":"https:\/\/ostenssons.com\/","name":"\u00d6stensson interior design","description":"","potentialAction":[{"@type":"SearchAction","target":{"@type":"EntryPoint","urlTemplate":"https:\/\/ostenssons.com\/?s={search_term_string}"},"query-input":{"@type":"PropertyValueSpecification","valueRequired":true,"valueName":"search_term_string"}}],"inLanguage":"sv-SE"}]}},"_links":{"self":[{"href":"https:\/\/ostenssons.com\/sv\/wp-json\/wp\/v2\/pages\/1011","targetHints":{"allow":["GET"]}}],"collection":[{"href":"https:\/\/ostenssons.com\/sv\/wp-json\/wp\/v2\/pages"}],"about":[{"href":"https:\/\/ostenssons.com\/sv\/wp-json\/wp\/v2\/types\/page"}],"author":[{"embeddable":true,"href":"https:\/\/ostenssons.com\/sv\/wp-json\/wp\/v2\/users\/1"}],"replies":[{"embeddable":true,"href":"https:\/\/ostenssons.com\/sv\/wp-json\/wp\/v2\/comments?post=1011"}],"version-history":[{"count":10,"href":"https:\/\/ostenssons.com\/sv\/wp-json\/wp\/v2\/pages\/1011\/revisions"}],"predecessor-version":[{"id":1226,"href":"https:\/\/ostenssons.com\/sv\/wp-json\/wp\/v2\/pages\/1011\/revisions\/1226"}],"wp:attachment":[{"href":"https:\/\/ostenssons.com\/sv\/wp-json\/wp\/v2\/media?parent=1011"}],"curies":[{"name":"wp","href":"https:\/\/api.w.org\/{rel}","templated":true}]}}