{"id":1011,"date":"2019-08-30T07:14:20","date_gmt":"2019-08-30T07:14:20","guid":{"rendered":"https:\/\/ostenssons.com\/?page_id=1011"},"modified":"2019-11-26T11:49:32","modified_gmt":"2019-11-26T11:49:32","slug":"termsconditions","status":"publish","type":"page","link":"https:\/\/ostenssons.com\/es\/termsconditions\/","title":{"rendered":"Terms &#038; conditions"},"content":{"rendered":"<div data-elementor-type=\"wp-post\" data-elementor-id=\"1011\" class=\"elementor elementor-1011\" data-elementor-post-type=\"page\">\n\t\t\t\t\t\t<section class=\"has_eae_slider elementor-section elementor-top-section elementor-element elementor-element-8953a6d elementor-section-height-min-height elementor-section-items-bottom elementor-section-boxed elementor-section-height-default\" data-id=\"8953a6d\" data-element_type=\"section\" data-settings=\"{&quot;background_background&quot;:&quot;classic&quot;}\">\n\t\t\t\t\t\t\t<div class=\"elementor-background-overlay\"><\/div>\n\t\t\t\t\t\t\t<div class=\"elementor-container elementor-column-gap-default\">\n\t\t\t\t\t<div class=\"has_eae_slider elementor-column elementor-col-100 elementor-top-column elementor-element elementor-element-3de023c\" data-id=\"3de023c\" data-element_type=\"column\">\n\t\t\t<div class=\"elementor-widget-wrap elementor-element-populated\">\n\t\t\t\t\t\t<div class=\"elementor-element elementor-element-6c21a1b elementor-invisible elementor-widget elementor-widget-heading\" data-id=\"6c21a1b\" data-element_type=\"widget\" data-settings=\"{&quot;_animation&quot;:&quot;fadeIn&quot;,&quot;_animation_delay&quot;:200}\" data-widget_type=\"heading.default\">\n\t\t\t\t<div class=\"elementor-widget-container\">\n\t\t\t\t\t<h2 class=\"elementor-heading-title elementor-size-default\">T\u00e9rminos y condiciones<\/h2>\t\t\t\t<\/div>\n\t\t\t\t<\/div>\n\t\t\t\t<section class=\"has_eae_slider elementor-section elementor-inner-section elementor-element elementor-element-c95e548 elementor-section-full_width elementor-section-height-default elementor-section-height-default\" data-id=\"c95e548\" data-element_type=\"section\">\n\t\t\t\t\t\t<div class=\"elementor-container elementor-column-gap-default\">\n\t\t\t\t\t<div class=\"has_eae_slider elementor-column elementor-col-50 elementor-inner-column elementor-element elementor-element-d3b2276\" data-id=\"d3b2276\" data-element_type=\"column\">\n\t\t\t<div class=\"elementor-widget-wrap elementor-element-populated\">\n\t\t\t\t\t\t<div class=\"elementor-element elementor-element-17112eb elementor-invisible elementor-widget elementor-widget-heading\" data-id=\"17112eb\" data-element_type=\"widget\" data-settings=\"{&quot;_animation&quot;:&quot;fadeIn&quot;,&quot;_animation_delay&quot;:200}\" data-widget_type=\"heading.default\">\n\t\t\t\t<div class=\"elementor-widget-container\">\n\t\t\t\t\t<h2 class=\"elementor-heading-title elementor-size-default\">1. Aplicaci\u00f3n<\/h2>\t\t\t\t<\/div>\n\t\t\t\t<\/div>\n\t\t\t\t<div class=\"elementor-element elementor-element-b093cc6 elementor-invisible elementor-widget elementor-widget-text-editor\" data-id=\"b093cc6\" data-element_type=\"widget\" data-settings=\"{&quot;_animation&quot;:&quot;fadeIn&quot;,&quot;_animation_delay&quot;:200}\" data-widget_type=\"text-editor.default\">\n\t\t\t\t<div class=\"elementor-widget-container\">\n\t\t\t\t\t\t\t\t\t1.1<br>Estos t\u00e9rminos y condiciones generales se aplican a todos los servicios prestados por el estudio de interiorismo AB, 559141-3082, (en adelante, \"\u00d6stensson's\", \"nosotros\") menos que se acuerde lo contrario por escrito con respecto a la asignaci\u00f3n individual.\t\t\t\t\t\t\t\t<\/div>\n\t\t\t\t<\/div>\n\t\t\t\t<div class=\"elementor-element elementor-element-92f70b4 elementor-invisible elementor-widget elementor-widget-heading\" data-id=\"92f70b4\" data-element_type=\"widget\" data-settings=\"{&quot;_animation&quot;:&quot;fadeIn&quot;,&quot;_animation_delay&quot;:200}\" data-widget_type=\"heading.default\">\n\t\t\t\t<div class=\"elementor-widget-container\">\n\t\t\t\t\t<h2 class=\"elementor-heading-title elementor-size-default\">2. Alcance de los servicios, tarifas acordadas, etc.<\/h2>\t\t\t\t<\/div>\n\t\t\t\t<\/div>\n\t\t\t\t<div class=\"elementor-element elementor-element-6ad0704 elementor-invisible elementor-widget elementor-widget-text-editor\" data-id=\"6ad0704\" data-element_type=\"widget\" data-settings=\"{&quot;_animation&quot;:&quot;fadeIn&quot;,&quot;_animation_delay&quot;:200}\" data-widget_type=\"text-editor.default\">\n\t\t\t\t<div class=\"elementor-widget-container\">\n\t\t\t\t\t\t\t\t\t\u200b2.1<br>\nProporcionamos servicios basados en las circunstancias, hechos e instrucciones que nos proporciona el cliente en la asignaci\u00f3n individual. Para asignaciones interiores completas, realizamos las compras necesarias a terceros dentro del \u00e1mbito de la asignaci\u00f3n.\t\t\t\t\t\t\t\t<\/div>\n\t\t\t\t<\/div>\n\t\t\t\t<div class=\"elementor-element elementor-element-13feb9b elementor-invisible elementor-widget elementor-widget-text-editor\" data-id=\"13feb9b\" data-element_type=\"widget\" data-settings=\"{&quot;_animation&quot;:&quot;fadeIn&quot;,&quot;_animation_delay&quot;:200}\" data-widget_type=\"text-editor.default\">\n\t\t\t\t<div class=\"elementor-widget-container\">\n\t\t\t\t\t\t\t\t\t\u200b2.2<br>\nPara la asignaci\u00f3n, se paga la remuneraci\u00f3n acordada. Con una remuneraci\u00f3n variable, se puede establecer un presupuesto. A menos que se acuerde lo contrario, para la alteraci\u00f3n y la remuneraci\u00f3n complementaria del trabajo en una cuenta en curso y la compensaci\u00f3n por los costos atribuibles a estas obras se pagan normalmente. Normalmente se paga una compensaci\u00f3n por los gastos de viaje y alojamiento dentro del \u00e1mbito de la cesi\u00f3n\t\t\t\t\t\t\t\t<\/div>\n\t\t\t\t<\/div>\n\t\t\t\t<div class=\"elementor-element elementor-element-3fd5a27 elementor-invisible elementor-widget elementor-widget-text-editor\" data-id=\"3fd5a27\" data-element_type=\"widget\" data-settings=\"{&quot;_animation&quot;:&quot;fadeIn&quot;,&quot;_animation_delay&quot;:200}\" data-widget_type=\"text-editor.default\">\n\t\t\t\t<div class=\"elementor-widget-container\">\n\t\t\t\t\t\t\t\t\t\u200b2.3<br>\nEl alcance de la cesi\u00f3n viene determinado por el acuerdo principal y estas condiciones generales. Si los documentos se contradicen entre s\u00ed, prevalecer\u00e1 el acuerdo principal.\n\t\t\t\t\t\t\t\t<\/div>\n\t\t\t\t<\/div>\n\t\t\t\t<div class=\"elementor-element elementor-element-9340ff7 elementor-invisible elementor-widget elementor-widget-text-editor\" data-id=\"9340ff7\" data-element_type=\"widget\" data-settings=\"{&quot;_animation&quot;:&quot;fadeIn&quot;,&quot;_animation_delay&quot;:200}\" data-widget_type=\"text-editor.default\">\n\t\t\t\t<div class=\"elementor-widget-container\">\n\t\t\t\t\t\t\t\t\t\u200b2.4<br>\nLas Partes se mantendr\u00e1n informadas mutuamente de los asuntos que puedan presumirse que son de importancia para la cesi\u00f3n.\t\t\t\t\t\t\t\t<\/div>\n\t\t\t\t<\/div>\n\t\t\t\t<div class=\"elementor-element elementor-element-1ce1717 elementor-invisible elementor-widget elementor-widget-text-editor\" data-id=\"1ce1717\" data-element_type=\"widget\" data-settings=\"{&quot;_animation&quot;:&quot;fadeIn&quot;,&quot;_animation_delay&quot;:200}\" data-widget_type=\"text-editor.default\">\n\t\t\t\t<div class=\"elementor-widget-container\">\n\t\t\t\t\t\t\t\t\t\u200b2.5<br>\n\u00d6stenssons notificar\u00e1n al cliente la necesidad de un trabajo que no forme parte de la cesi\u00f3n o de la necesidad de directivas nuevas o modificadas. Si el cliente hace demandas en el trabajo que consideramos que est\u00e1 fuera de la asignaci\u00f3n, debemos notificar al cliente antes de que comience dicho trabajo.\t\t\t\t\t\t\t\t<\/div>\n\t\t\t\t<\/div>\n\t\t\t\t<div class=\"elementor-element elementor-element-529c238 elementor-invisible elementor-widget elementor-widget-text-editor\" data-id=\"529c238\" data-element_type=\"widget\" data-settings=\"{&quot;_animation&quot;:&quot;fadeIn&quot;,&quot;_animation_delay&quot;:200}\" data-widget_type=\"text-editor.default\">\n\t\t\t\t<div class=\"elementor-widget-container\">\n\t\t\t\t\t\t\t\t\t\u200b2.6<br>\nA petici\u00f3n del cliente, \u00d6stenssons elaborar\u00e1n propuestas para el calendario que, tras el acuerdo, se aplicar\u00e1n a la cesi\u00f3n. El cliente debe proporcionar documentos justificativos para la propuesta.\t\t\t\t\t\t\t\t<\/div>\n\t\t\t\t<\/div>\n\t\t\t\t<div class=\"elementor-element elementor-element-c7eab53 elementor-invisible elementor-widget elementor-widget-text-editor\" data-id=\"c7eab53\" data-element_type=\"widget\" data-settings=\"{&quot;_animation&quot;:&quot;fadeIn&quot;,&quot;_animation_delay&quot;:200}\" data-widget_type=\"text-editor.default\">\n\t\t\t\t<div class=\"elementor-widget-container\">\n\t\t\t\t\t\t\t\t\t\u200b2.7<br>\nLa cesi\u00f3n se completa, a menos que se acuerde lo contrario, cuando el resultado de la asignaci\u00f3n se informe de la manera acordada por las partes.\t\t\t\t\t\t\t\t<\/div>\n\t\t\t\t<\/div>\n\t\t\t\t<div class=\"elementor-element elementor-element-1a2dbba elementor-invisible elementor-widget elementor-widget-heading\" data-id=\"1a2dbba\" data-element_type=\"widget\" data-settings=\"{&quot;_animation&quot;:&quot;fadeIn&quot;,&quot;_animation_delay&quot;:200}\" data-widget_type=\"heading.default\">\n\t\t\t\t<div class=\"elementor-widget-container\">\n\t\t\t\t\t<h2 class=\"elementor-heading-title elementor-size-default\">3. Facturaci\u00f3n<\/h2>\t\t\t\t<\/div>\n\t\t\t\t<\/div>\n\t\t\t\t<div class=\"elementor-element elementor-element-9ee3662 elementor-invisible elementor-widget elementor-widget-text-editor\" data-id=\"9ee3662\" data-element_type=\"widget\" data-settings=\"{&quot;_animation&quot;:&quot;fadeIn&quot;,&quot;_animation_delay&quot;:200}\" data-widget_type=\"text-editor.default\">\n\t\t\t\t<div class=\"elementor-widget-container\">\n\t\t\t\t\t\t\t\t\t3.1<br>\nLa cesi\u00f3n se completa, a menos que se acuerde lo contrario, cuando el resultado de la asignaci\u00f3n se informe de la manera acordada por las partes.\t\t\t\t\t\t\t\t<\/div>\n\t\t\t\t<\/div>\n\t\t\t\t<div class=\"elementor-element elementor-element-6c42be9 elementor-invisible elementor-widget elementor-widget-text-editor\" data-id=\"6c42be9\" data-element_type=\"widget\" data-settings=\"{&quot;_animation&quot;:&quot;fadeIn&quot;,&quot;_animation_delay&quot;:200}\" data-widget_type=\"text-editor.default\">\n\t\t\t\t<div class=\"elementor-widget-container\">\n\t\t\t\t\t\t\t\t\t3.2<br>\nNuestras facturas normalmente vencen para el pago 14 d\u00edas, despu\u00e9s de la fecha de la factura y se le emiten, en su calidad de cliente. En caso de impago, se cobran intereses sobre los importes pendientes de acuerdo con la ley aplicable desde la fecha de vencimiento hasta que se recibe el pago.\t\t\t\t\t\t\t\t<\/div>\n\t\t\t\t<\/div>\n\t\t\t\t<div class=\"elementor-element elementor-element-d92a2e9 elementor-invisible elementor-widget elementor-widget-heading\" data-id=\"d92a2e9\" data-element_type=\"widget\" data-settings=\"{&quot;_animation&quot;:&quot;fadeIn&quot;,&quot;_animation_delay&quot;:200}\" data-widget_type=\"heading.default\">\n\t\t\t\t<div class=\"elementor-widget-container\">\n\t\t\t\t\t<h2 class=\"elementor-heading-title elementor-size-default\">4. Retenci\u00f3n autorizada<\/h2>\t\t\t\t<\/div>\n\t\t\t\t<\/div>\n\t\t\t\t<div class=\"elementor-element elementor-element-7d33d9d elementor-invisible elementor-widget elementor-widget-text-editor\" data-id=\"7d33d9d\" data-element_type=\"widget\" data-settings=\"{&quot;_animation&quot;:&quot;fadeIn&quot;,&quot;_animation_delay&quot;:200}\" data-widget_type=\"text-editor.default\">\n\t\t\t\t<div class=\"elementor-widget-container\">\n\t\t\t\t\t\t\t\t\t4.1<br>\nLas mercanc\u00edas pedidas constituyen la propiedad de \u00d6stensson hasta que se haya pagado el pago \u00ednteco.\t\t\t\t\t\t\t\t<\/div>\n\t\t\t\t<\/div>\n\t\t\t\t<div class=\"elementor-element elementor-element-11a52b7 elementor-invisible elementor-widget elementor-widget-heading\" data-id=\"11a52b7\" data-element_type=\"widget\" data-settings=\"{&quot;_animation&quot;:&quot;fadeIn&quot;,&quot;_animation_delay&quot;:200}\" data-widget_type=\"heading.default\">\n\t\t\t\t<div class=\"elementor-widget-container\">\n\t\t\t\t\t<h2 class=\"elementor-heading-title elementor-size-default\">5. Examen de los bienes<\/h2>\t\t\t\t<\/div>\n\t\t\t\t<\/div>\n\t\t\t\t<div class=\"elementor-element elementor-element-d062773 elementor-invisible elementor-widget elementor-widget-text-editor\" data-id=\"d062773\" data-element_type=\"widget\" data-settings=\"{&quot;_animation&quot;:&quot;fadeIn&quot;,&quot;_animation_delay&quot;:200}\" data-widget_type=\"text-editor.default\">\n\t\t\t\t<div class=\"elementor-widget-container\">\n\t\t\t\t\t\t\t\t\t\u200b5.1<br>\nUna vez entregado un producto, el cliente lo examinar\u00e1 inmediatamente. Si se encuentran errores, el cliente debe notificar inmediatamente a \u00d6stenssons. Si la notificaci\u00f3n no se produce, el cliente no tiene derecho a reclamar por el error.\t\t\t\t\t\t\t\t<\/div>\n\t\t\t\t<\/div>\n\t\t\t\t<div class=\"elementor-element elementor-element-edc1941 elementor-invisible elementor-widget elementor-widget-heading\" data-id=\"edc1941\" data-element_type=\"widget\" data-settings=\"{&quot;_animation&quot;:&quot;fadeIn&quot;,&quot;_animation_delay&quot;:200}\" data-widget_type=\"heading.default\">\n\t\t\t\t<div class=\"elementor-widget-container\">\n\t\t\t\t\t<h2 class=\"elementor-heading-title elementor-size-default\">6. Errores de productos y reclamaciones<\/h2>\t\t\t\t<\/div>\n\t\t\t\t<\/div>\n\t\t\t\t<div class=\"elementor-element elementor-element-486be3a elementor-invisible elementor-widget elementor-widget-text-editor\" data-id=\"486be3a\" data-element_type=\"widget\" data-settings=\"{&quot;_animation&quot;:&quot;fadeIn&quot;,&quot;_animation_delay&quot;:200}\" data-widget_type=\"text-editor.default\">\n\t\t\t\t<div class=\"elementor-widget-container\">\n\t\t\t\t\t\t\t\t\t\u200b6.1<br>\nEstamos obligados, de conformidad con las disposiciones que se indican a continuaci\u00f3n, a corregir los errores relativos a los productos entregados.\t\t\t\t\t\t\t\t<\/div>\n\t\t\t\t<\/div>\n\t\t\t\t<div class=\"elementor-element elementor-element-2cbe161 elementor-invisible elementor-widget elementor-widget-text-editor\" data-id=\"2cbe161\" data-element_type=\"widget\" data-settings=\"{&quot;_animation&quot;:&quot;fadeIn&quot;,&quot;_animation_delay&quot;:200}\" data-widget_type=\"text-editor.default\">\n\t\t\t\t<div class=\"elementor-widget-container\">\n\t\t\t\t\t\t\t\t\t\u200b6.2<br>\nEl cliente no puede afirmar que los productos son defectuosos, a menos que deje la notificaci\u00f3n de error de la empresa en un plazo m\u00e1ximo de 10 d\u00edas. No despu\u00e9s de haber notado o deber\u00eda haber notado el error (queja), pero a m\u00e1s tardar doce meses despu\u00e9s de que el cliente recibiera la mercanc\u00eda.\t\t\t\t\t\t\t\t<\/div>\n\t\t\t\t<\/div>\n\t\t\t\t<div class=\"elementor-element elementor-element-a4c72d5 elementor-invisible elementor-widget elementor-widget-text-editor\" data-id=\"a4c72d5\" data-element_type=\"widget\" data-settings=\"{&quot;_animation&quot;:&quot;fadeIn&quot;,&quot;_animation_delay&quot;:200}\" data-widget_type=\"text-editor.default\">\n\t\t\t\t<div class=\"elementor-widget-container\">\n\t\t\t\t\t\t\t\t\t6.3<br>\nNo nos hacemos responsables de los errores debidos al cliente o material proporcionado por el cliente o al dise\u00f1o prescrito o especificado. No nos hacemos responsables de los errores que se produzcan como resultado de un mantenimiento inadecuado, desgaste normal o deterioro normal. El cliente no puede afirmar que un determinado art\u00edculo no se vea diferente de lo que el cliente esperaba para una determinada imagen general, si el producto en s\u00ed est\u00e1 de acuerdo con lo que fue presentado por \u00d6stenssons.\t\t\t\t\t\t\t\t<\/div>\n\t\t\t\t<\/div>\n\t\t\t\t<div class=\"elementor-element elementor-element-940b574 elementor-invisible elementor-widget elementor-widget-text-editor\" data-id=\"940b574\" data-element_type=\"widget\" data-settings=\"{&quot;_animation&quot;:&quot;fadeIn&quot;,&quot;_animation_delay&quot;:200}\" data-widget_type=\"text-editor.default\">\n\t\t\t\t<div class=\"elementor-widget-container\">\n\t\t\t\t\t\t\t\t\t6.4<br>\nEl cliente es consciente de que determinadas mercanc\u00edas pueden ser dise\u00f1adas \u00fanicamente para la prestaci\u00f3n del servicio y que ciertas mercanc\u00edas est\u00e1n especialmente adaptadas para el cliente. El cliente no puede cancelar una compra de dichos bienes.\t\t\t\t\t\t\t\t<\/div>\n\t\t\t\t<\/div>\n\t\t\t\t\t<\/div>\n\t\t<\/div>\n\t\t\t\t<div class=\"has_eae_slider elementor-column elementor-col-50 elementor-inner-column elementor-element elementor-element-6a9b562\" data-id=\"6a9b562\" data-element_type=\"column\">\n\t\t\t<div class=\"elementor-widget-wrap elementor-element-populated\">\n\t\t\t\t\t\t<div class=\"elementor-element elementor-element-05666b4 elementor-invisible elementor-widget elementor-widget-heading\" data-id=\"05666b4\" data-element_type=\"widget\" data-settings=\"{&quot;_animation&quot;:&quot;fadeIn&quot;,&quot;_animation_delay&quot;:200}\" data-widget_type=\"heading.default\">\n\t\t\t\t<div class=\"elementor-widget-container\">\n\t\t\t\t\t<h2 class=\"elementor-heading-title elementor-size-default\">7. Responsabilidad<\/h2>\t\t\t\t<\/div>\n\t\t\t\t<\/div>\n\t\t\t\t<div class=\"elementor-element elementor-element-b59b783 elementor-invisible elementor-widget elementor-widget-text-editor\" data-id=\"b59b783\" data-element_type=\"widget\" data-settings=\"{&quot;_animation&quot;:&quot;fadeIn&quot;,&quot;_animation_delay&quot;:200}\" data-widget_type=\"text-editor.default\">\n\t\t\t\t<div class=\"elementor-widget-container\">\n\t\t\t\t\t\t\t\t\t7.1<br>\nEl cliente tiene derecho a una indemnizaci\u00f3n de la empresa por los da\u00f1os causados por nosotros por negligencia grave. El cliente tomar\u00e1, en la medida de lo posible, medidas para limitar el alcance de los da\u00f1os. La responsabilidad de \u00d6stenssons se limita al doble de la compensaci\u00f3n por la cesi\u00f3n o, en su caso, el monto de la cobertura del seguro. En caso de fallo, se debe dar a \u00d6stenssons la oportunidad de remediar el error o realizar una re-entrega (de acuerdo con la elecci\u00f3n de \u00d6stensson) y s\u00f3lo si el error no se corrige puede el cliente exigir otras sanciones tales como la reducci\u00f3n de precios o la cancelaci\u00f3n de la Compra.\t\t\t\t\t\t\t\t<\/div>\n\t\t\t\t<\/div>\n\t\t\t\t<div class=\"elementor-element elementor-element-645efe7 elementor-invisible elementor-widget elementor-widget-heading\" data-id=\"645efe7\" data-element_type=\"widget\" data-settings=\"{&quot;_animation&quot;:&quot;fadeIn&quot;,&quot;_animation_delay&quot;:200}\" data-widget_type=\"heading.default\">\n\t\t\t\t<div class=\"elementor-widget-container\">\n\t\t\t\t\t<h2 class=\"elementor-heading-title elementor-size-default\">8. Derechos de propiedad intelectual<\/h2>\t\t\t\t<\/div>\n\t\t\t\t<\/div>\n\t\t\t\t<div class=\"elementor-element elementor-element-53e8435 elementor-invisible elementor-widget elementor-widget-text-editor\" data-id=\"53e8435\" data-element_type=\"widget\" data-settings=\"{&quot;_animation&quot;:&quot;fadeIn&quot;,&quot;_animation_delay&quot;:200}\" data-widget_type=\"text-editor.default\">\n\t\t\t\t<div class=\"elementor-widget-container\">\n\t\t\t\t\t\t\t\t\t8.1<br>\nLa cesi\u00f3n no incluye ninguna transferencia de derechos de autor u otros derechos de propiedad intelectual. Esto significa que \u00d6stenssons conserva los derechos de autor de todo el material y todo lo que se ha dise\u00f1ado, por ejemplo, un producto \/ detalle interior dise\u00f1ado dentro del \u00e1mbito de la asignaci\u00f3n.\t\t\t\t\t\t\t\t<\/div>\n\t\t\t\t<\/div>\n\t\t\t\t<div class=\"elementor-element elementor-element-13bc7fa elementor-invisible elementor-widget elementor-widget-text-editor\" data-id=\"13bc7fa\" data-element_type=\"widget\" data-settings=\"{&quot;_animation&quot;:&quot;fadeIn&quot;,&quot;_animation_delay&quot;:200}\" data-widget_type=\"text-editor.default\">\n\t\t\t\t<div class=\"elementor-widget-container\">\n\t\t\t\t\t\t\t\t\t8.2<br>\n\u00d6stenssons se reserva el derecho de documentar\/fotografiar los resultados de su trabajo y de utilizar dicho material con fines de marketing o como material de referencia para clientes nuevos o potenciales.\t\t\t\t\t\t\t\t<\/div>\n\t\t\t\t<\/div>\n\t\t\t\t<div class=\"elementor-element elementor-element-47035e4 elementor-invisible elementor-widget elementor-widget-heading\" data-id=\"47035e4\" data-element_type=\"widget\" data-settings=\"{&quot;_animation&quot;:&quot;fadeIn&quot;,&quot;_animation_delay&quot;:200}\" data-widget_type=\"heading.default\">\n\t\t\t\t<div class=\"elementor-widget-container\">\n\t\t\t\t\t<h2 class=\"elementor-heading-title elementor-size-default\">9. Circunstancias mayores<\/h2>\t\t\t\t<\/div>\n\t\t\t\t<\/div>\n\t\t\t\t<div class=\"elementor-element elementor-element-db8f4e0 elementor-invisible elementor-widget elementor-widget-text-editor\" data-id=\"db8f4e0\" data-element_type=\"widget\" data-settings=\"{&quot;_animation&quot;:&quot;fadeIn&quot;,&quot;_animation_delay&quot;:200}\" data-widget_type=\"text-editor.default\">\n\t\t\t\t<div class=\"elementor-widget-container\">\n\t\t\t\t\t\t\t\t\t9.1<br>\nMayor Las siguientes circunstancias constituyen motivos de exenci\u00f3n si dan lugar a que la asignaci\u00f3n se vea obstaculizada o excesivamente grave: conflicto\/huelga laboral y cualquier otra circunstancia que las partes no puedan controlar, como incendios, desastres naturales y eventos naturales, guerras, movilizaciones o convocatorias militares de alcance equivalente, incautaciones, restricciones comerciales y monetarias, disturbios, escasez de medios de transporte, escasez general de mercanc\u00edas, restricciones al suministro de energ\u00eda y errores o retrasos en entregas, causadas por tales motivos de exenci\u00f3n. Las circunstancias antes mencionadas constituyen motivos de exenci\u00f3n \u00fanicamente si su impacto en la cesi\u00f3n no puede preverse cuando se celebr\u00f3 un acuerdo sobre la cesi\u00f3n.\t\t\t\t\t\t\t\t<\/div>\n\t\t\t\t<\/div>\n\t\t\t\t<div class=\"elementor-element elementor-element-9031674 elementor-invisible elementor-widget elementor-widget-heading\" data-id=\"9031674\" data-element_type=\"widget\" data-settings=\"{&quot;_animation&quot;:&quot;fadeIn&quot;,&quot;_animation_delay&quot;:200}\" data-widget_type=\"heading.default\">\n\t\t\t\t<div class=\"elementor-widget-container\">\n\t\t\t\t\t<h2 class=\"elementor-heading-title elementor-size-default\">10. Terminaci\u00f3n del Acuerdo\n<\/h2>\t\t\t\t<\/div>\n\t\t\t\t<\/div>\n\t\t\t\t<div class=\"elementor-element elementor-element-07c1abe elementor-invisible elementor-widget elementor-widget-text-editor\" data-id=\"07c1abe\" data-element_type=\"widget\" data-settings=\"{&quot;_animation&quot;:&quot;fadeIn&quot;,&quot;_animation_delay&quot;:200}\" data-widget_type=\"text-editor.default\">\n\t\t\t\t<div class=\"elementor-widget-container\">\n\t\t\t\t\t\t\t\t\t10.1<br>\nUsted puede rescindir el contrato por escrito en cualquier momento de acuerdo con el per\u00edodo de aviso de 45 d\u00edas, a menos que se especifique lo contrario en el acuerdo principal.\t\t\t\t\t\t\t\t<\/div>\n\t\t\t\t<\/div>\n\t\t\t\t<div class=\"elementor-element elementor-element-5746494 elementor-invisible elementor-widget elementor-widget-text-editor\" data-id=\"5746494\" data-element_type=\"widget\" data-settings=\"{&quot;_animation&quot;:&quot;fadeIn&quot;,&quot;_animation_delay&quot;:200}\" data-widget_type=\"text-editor.default\">\n\t\t\t\t<div class=\"elementor-widget-container\">\n\t\t\t\t\t\t\t\t\t<p>10.2<br \/>Cualquiera de las partes tiene el derecho de rescindir el acuerdo inmediatamente con la terminaci\u00f3n total si la contraparte ha entrado en bancarrota, inicia la negociaci\u00f3n, est\u00e1 sujeta a la reestructuraci\u00f3n corporativa o est\u00e1 en incumplimiento de pago.<\/p>\t\t\t\t\t\t\t\t<\/div>\n\t\t\t\t<\/div>\n\t\t\t\t<div class=\"elementor-element elementor-element-25a31f7 elementor-invisible elementor-widget elementor-widget-text-editor\" data-id=\"25a31f7\" data-element_type=\"widget\" data-settings=\"{&quot;_animation&quot;:&quot;fadeIn&quot;,&quot;_animation_delay&quot;:200}\" data-widget_type=\"text-editor.default\">\n\t\t\t\t<div class=\"elementor-widget-container\">\n\t\t\t\t\t\t\t\t\t10.3<br>\nAl rescindir el acuerdo, tenemos derecho a recibir el pago por el trabajo y los costos que han incurrido en la cesi\u00f3n hasta la terminaci\u00f3n del mismo.\t\t\t\t\t\t\t\t<\/div>\n\t\t\t\t<\/div>\n\t\t\t\t<div class=\"elementor-element elementor-element-ef7bc54 elementor-invisible elementor-widget elementor-widget-heading\" data-id=\"ef7bc54\" data-element_type=\"widget\" data-settings=\"{&quot;_animation&quot;:&quot;fadeIn&quot;,&quot;_animation_delay&quot;:200}\" data-widget_type=\"heading.default\">\n\t\t\t\t<div class=\"elementor-widget-container\">\n\t\t\t\t\t<h2 class=\"elementor-heading-title elementor-size-default\">11. Datos personales y comunicaci\u00f3n\n<\/h2>\t\t\t\t<\/div>\n\t\t\t\t<\/div>\n\t\t\t\t<div class=\"elementor-element elementor-element-49ca412 elementor-invisible elementor-widget elementor-widget-text-editor\" data-id=\"49ca412\" data-element_type=\"widget\" data-settings=\"{&quot;_animation&quot;:&quot;fadeIn&quot;,&quot;_animation_delay&quot;:200}\" data-widget_type=\"text-editor.default\">\n\t\t\t\t<div class=\"elementor-widget-container\">\n\t\t\t\t\t\t\t\t\t11.1<br>\nLos datos personales son tratados por nosotros para el cumplimiento de las asignaciones, para la administraci\u00f3n y para poder cumplir con nuestras obligaciones de acuerdo con la ley. Para obtener m\u00e1s informaci\u00f3n sobre nuestro procesamiento de datos personales, consulte el documento especialmente preparado \"Informaci\u00f3n sobre la pol\u00edtica de tratamiento de datos personales de la empresa\". Si tiene alguna pregunta sobre nuestro procesamiento de datos personales, puede ponerse en contacto con nosotros.\t\t\t\t\t\t\t\t<\/div>\n\t\t\t\t<\/div>\n\t\t\t\t<div class=\"elementor-element elementor-element-c55b233 elementor-invisible elementor-widget elementor-widget-text-editor\" data-id=\"c55b233\" data-element_type=\"widget\" data-settings=\"{&quot;_animation&quot;:&quot;fadeIn&quot;,&quot;_animation_delay&quot;:200}\" data-widget_type=\"text-editor.default\">\n\t\t\t\t<div class=\"elementor-widget-container\">\n\t\t\t\t\t\t\t\t\t11.2<br>\nPodemos comunicarnos con usted de varias maneras, Internet y correo electr\u00f3nico. Son medios de comunicaci\u00f3n eficaces, pero tambi\u00e9n pueden implicar riesgos desde una perspectiva de seguridad y privacidad. Si prefiere que nos abstengamos de comunicarnos con usted a trav\u00e9s de Internet o correo electr\u00f3nico, notif\u00edquenoslo.\t\t\t\t\t\t\t\t<\/div>\n\t\t\t\t<\/div>\n\t\t\t\t<div class=\"elementor-element elementor-element-30e59e7 elementor-invisible elementor-widget elementor-widget-heading\" data-id=\"30e59e7\" data-element_type=\"widget\" data-settings=\"{&quot;_animation&quot;:&quot;fadeIn&quot;,&quot;_animation_delay&quot;:200}\" data-widget_type=\"heading.default\">\n\t\t\t\t<div class=\"elementor-widget-container\">\n\t\t\t\t\t<h2 class=\"elementor-heading-title elementor-size-default\">12. Quejas y reclamaciones<\/h2>\t\t\t\t<\/div>\n\t\t\t\t<\/div>\n\t\t\t\t<div class=\"elementor-element elementor-element-57b0417 elementor-invisible elementor-widget elementor-widget-text-editor\" data-id=\"57b0417\" data-element_type=\"widget\" data-settings=\"{&quot;_animation&quot;:&quot;fadeIn&quot;,&quot;_animation_delay&quot;:200}\" data-widget_type=\"text-editor.default\">\n\t\t\t\t<div class=\"elementor-widget-container\">\n\t\t\t\t\t\t\t\t\t12.1<br>\nNuestra ambici\u00f3n es que usted est\u00e9 satisfecho con nuestros servicios. Queremos asegurarnos de que est\u00e1 satisfecho y que el trabajo que hacemos cumple con sus expectativas. Si por alguna raz\u00f3n usted est\u00e1 insatisfecho o tiene una queja, por favor p\u00f3ngase en contacto con nosotros tan pronto como sea posible. A petici\u00f3n suya, investigaremos su queja y trataremos de responder a cualquier pregunta que pueda tener.\t\t\t\t\t\t\t\t<\/div>\n\t\t\t\t<\/div>\n\t\t\t\t<div class=\"elementor-element elementor-element-2225148 elementor-invisible elementor-widget elementor-widget-heading\" data-id=\"2225148\" data-element_type=\"widget\" data-settings=\"{&quot;_animation&quot;:&quot;fadeIn&quot;,&quot;_animation_delay&quot;:200}\" data-widget_type=\"heading.default\">\n\t\t\t\t<div class=\"elementor-widget-container\">\n\t\t\t\t\t<h2 class=\"elementor-heading-title elementor-size-default\">13. Ley aplicable y resoluci\u00f3n de conflictos.<\/h2>\t\t\t\t<\/div>\n\t\t\t\t<\/div>\n\t\t\t\t<div class=\"elementor-element elementor-element-5ddbca4 elementor-invisible elementor-widget elementor-widget-text-editor\" data-id=\"5ddbca4\" data-element_type=\"widget\" data-settings=\"{&quot;_animation&quot;:&quot;fadeIn&quot;,&quot;_animation_delay&quot;:200}\" data-widget_type=\"text-editor.default\">\n\t\t\t\t<div class=\"elementor-widget-container\">\n\t\t\t\t\t\t\t\t\t13.1<br>\nEstos t\u00e9rminos y condiciones generales y el acuerdo principal y cualquier disputa que surja con respecto a nuestra cesi\u00f3n para usted se rigen e interpretan de acuerdo con la ley Sueca.\t\t\t\t\t\t\t\t<\/div>\n\t\t\t\t<\/div>\n\t\t\t\t<div class=\"elementor-element elementor-element-434d8eb elementor-invisible elementor-widget elementor-widget-text-editor\" data-id=\"434d8eb\" data-element_type=\"widget\" data-settings=\"{&quot;_animation&quot;:&quot;fadeIn&quot;,&quot;_animation_delay&quot;:200}\" data-widget_type=\"text-editor.default\">\n\t\t\t\t<div class=\"elementor-widget-container\">\n\t\t\t\t\t\t\t\t\t13.2<br>\nLas disputas o reclamaciones que surjan de o est\u00e9n relacionadas con estos t\u00e9rminos o el acuerdo principal y nuestra cesi\u00f3n para usted ser\u00e1 finalmente decidida por el tribunal Sueco, con el Tribunal de Distrito de Umea como primera instancia.\t\t\t\t\t\t\t\t<\/div>\n\t\t\t\t<\/div>\n\t\t\t\t\t<\/div>\n\t\t<\/div>\n\t\t\t\t\t<\/div>\n\t\t<\/section>\n\t\t\t\t\t<\/div>\n\t\t<\/div>\n\t\t\t\t\t<\/div>\n\t\t<\/section>\n\t\t\t\t<\/div>","protected":false},"excerpt":{"rendered":"<p>Terms and conditions 1. Application 1.1 These general terms and conditions apply to all services provided by \u00d6stensson&#8217;s interior design studio AB, 559141-3082, (hereinafter &#8220;\u00d6stensson&#8217;s&#8221;, &#8220;we&#8221;, &#8220;us&#8221; or &#8220;our&#8221;) unless otherwise agreed in writing regarding the individual assignment. 2. Scope of services, agreed fees etc. \u200b2.1 We provide services based on the circumstances, facts and [&hellip;]<\/p>","protected":false},"author":1,"featured_media":0,"parent":0,"menu_order":0,"comment_status":"closed","ping_status":"closed","template":"elementor_header_footer","meta":{"_acf_changed":false,"inline_featured_image":false,"footnotes":""},"class_list":["post-1011","page","type-page","status-publish","hentry"],"acf":[],"yoast_head":"<!-- This site is optimized with the Yoast SEO Premium plugin v24.9 (Yoast SEO v24.9) - https:\/\/yoast.com\/wordpress\/plugins\/seo\/ -->\n<title>Terms &amp; Conditions | \u00d6stensson interior design studio<\/title>\n<meta name=\"description\" content=\"\u00d6stensson Design Studio is an award-winning interior design studio. We are more than willing to help with any project you have in mind.\" \/>\n<meta name=\"robots\" content=\"index, follow, max-snippet:-1, max-image-preview:large, max-video-preview:-1\" \/>\n<link rel=\"canonical\" href=\"https:\/\/ostenssons.com\/es\/termsconditions\/\" \/>\n<meta property=\"og:locale\" content=\"es_ES\" \/>\n<meta property=\"og:type\" content=\"article\" \/>\n<meta property=\"og:title\" content=\"Terms &amp; conditions\" \/>\n<meta property=\"og:description\" content=\"\u00d6stensson Design Studio is an award-winning interior design studio. We are more than willing to help with any project you have in mind.\" \/>\n<meta property=\"og:url\" content=\"https:\/\/ostenssons.com\/es\/termsconditions\/\" \/>\n<meta property=\"og:site_name\" content=\"\u00d6stensson interior design\" \/>\n<meta property=\"article:modified_time\" content=\"2019-11-26T11:49:32+00:00\" \/>\n<meta name=\"twitter:card\" content=\"summary_large_image\" \/>\n<meta name=\"twitter:label1\" content=\"Tiempo de lectura\" \/>\n\t<meta name=\"twitter:data1\" content=\"6 minutos\" \/>\n<script type=\"application\/ld+json\" class=\"yoast-schema-graph\">{\"@context\":\"https:\/\/schema.org\",\"@graph\":[{\"@type\":\"WebPage\",\"@id\":\"https:\/\/ostenssons.com\/termsconditions\/\",\"url\":\"https:\/\/ostenssons.com\/termsconditions\/\",\"name\":\"Terms & Conditions | \u00d6stensson interior design studio\",\"isPartOf\":{\"@id\":\"https:\/\/ostenssons.com\/#website\"},\"datePublished\":\"2019-08-30T07:14:20+00:00\",\"dateModified\":\"2019-11-26T11:49:32+00:00\",\"description\":\"\u00d6stensson Design Studio is an award-winning interior design studio. We are more than willing to help with any project you have in mind.\",\"breadcrumb\":{\"@id\":\"https:\/\/ostenssons.com\/termsconditions\/#breadcrumb\"},\"inLanguage\":\"es\",\"potentialAction\":[{\"@type\":\"ReadAction\",\"target\":[\"https:\/\/ostenssons.com\/termsconditions\/\"]}]},{\"@type\":\"BreadcrumbList\",\"@id\":\"https:\/\/ostenssons.com\/termsconditions\/#breadcrumb\",\"itemListElement\":[{\"@type\":\"ListItem\",\"position\":1,\"name\":\"Home\",\"item\":\"https:\/\/ostenssons.com\/\"},{\"@type\":\"ListItem\",\"position\":2,\"name\":\"Terms &#038; conditions\"}]},{\"@type\":\"WebSite\",\"@id\":\"https:\/\/ostenssons.com\/#website\",\"url\":\"https:\/\/ostenssons.com\/\",\"name\":\"\u00d6stensson interior design\",\"description\":\"\",\"potentialAction\":[{\"@type\":\"SearchAction\",\"target\":{\"@type\":\"EntryPoint\",\"urlTemplate\":\"https:\/\/ostenssons.com\/?s={search_term_string}\"},\"query-input\":{\"@type\":\"PropertyValueSpecification\",\"valueRequired\":true,\"valueName\":\"search_term_string\"}}],\"inLanguage\":\"es\"}]}<\/script>\n<!-- \/ Yoast SEO Premium plugin. -->","yoast_head_json":{"title":"Terms & Conditions | \u00d6stensson interior design studio","description":"\u00d6stensson Design Studio is an award-winning interior design studio. We are more than willing to help with any project you have in mind.","robots":{"index":"index","follow":"follow","max-snippet":"max-snippet:-1","max-image-preview":"max-image-preview:large","max-video-preview":"max-video-preview:-1"},"canonical":"https:\/\/ostenssons.com\/es\/termsconditions\/","og_locale":"es_ES","og_type":"article","og_title":"Terms & conditions","og_description":"\u00d6stensson Design Studio is an award-winning interior design studio. We are more than willing to help with any project you have in mind.","og_url":"https:\/\/ostenssons.com\/es\/termsconditions\/","og_site_name":"\u00d6stensson interior design","article_modified_time":"2019-11-26T11:49:32+00:00","twitter_card":"summary_large_image","twitter_misc":{"Tiempo de lectura":"6 minutos"},"schema":{"@context":"https:\/\/schema.org","@graph":[{"@type":"WebPage","@id":"https:\/\/ostenssons.com\/termsconditions\/","url":"https:\/\/ostenssons.com\/termsconditions\/","name":"Terms & Conditions | \u00d6stensson interior design studio","isPartOf":{"@id":"https:\/\/ostenssons.com\/#website"},"datePublished":"2019-08-30T07:14:20+00:00","dateModified":"2019-11-26T11:49:32+00:00","description":"\u00d6stensson Design Studio is an award-winning interior design studio. We are more than willing to help with any project you have in mind.","breadcrumb":{"@id":"https:\/\/ostenssons.com\/termsconditions\/#breadcrumb"},"inLanguage":"es","potentialAction":[{"@type":"ReadAction","target":["https:\/\/ostenssons.com\/termsconditions\/"]}]},{"@type":"BreadcrumbList","@id":"https:\/\/ostenssons.com\/termsconditions\/#breadcrumb","itemListElement":[{"@type":"ListItem","position":1,"name":"Home","item":"https:\/\/ostenssons.com\/"},{"@type":"ListItem","position":2,"name":"Terms &#038; conditions"}]},{"@type":"WebSite","@id":"https:\/\/ostenssons.com\/#website","url":"https:\/\/ostenssons.com\/","name":"\u00d6stensson interior design","description":"","potentialAction":[{"@type":"SearchAction","target":{"@type":"EntryPoint","urlTemplate":"https:\/\/ostenssons.com\/?s={search_term_string}"},"query-input":{"@type":"PropertyValueSpecification","valueRequired":true,"valueName":"search_term_string"}}],"inLanguage":"es"}]}},"_links":{"self":[{"href":"https:\/\/ostenssons.com\/es\/wp-json\/wp\/v2\/pages\/1011","targetHints":{"allow":["GET"]}}],"collection":[{"href":"https:\/\/ostenssons.com\/es\/wp-json\/wp\/v2\/pages"}],"about":[{"href":"https:\/\/ostenssons.com\/es\/wp-json\/wp\/v2\/types\/page"}],"author":[{"embeddable":true,"href":"https:\/\/ostenssons.com\/es\/wp-json\/wp\/v2\/users\/1"}],"replies":[{"embeddable":true,"href":"https:\/\/ostenssons.com\/es\/wp-json\/wp\/v2\/comments?post=1011"}],"version-history":[{"count":10,"href":"https:\/\/ostenssons.com\/es\/wp-json\/wp\/v2\/pages\/1011\/revisions"}],"predecessor-version":[{"id":1226,"href":"https:\/\/ostenssons.com\/es\/wp-json\/wp\/v2\/pages\/1011\/revisions\/1226"}],"wp:attachment":[{"href":"https:\/\/ostenssons.com\/es\/wp-json\/wp\/v2\/media?parent=1011"}],"curies":[{"name":"wp","href":"https:\/\/api.w.org\/{rel}","templated":true}]}}